{"id":73216,"date":"2026-02-06T22:10:04","date_gmt":"2026-02-06T19:10:04","guid":{"rendered":"https:\/\/modelsturkiye.com\/talent\/tuba-yaren-yildiz-2\/"},"modified":"2026-03-05T23:36:24","modified_gmt":"2026-03-05T20:36:24","slug":"tuba-yaren-yildiz-2","status":"publish","type":"freelancer","link":"https:\/\/modelsturkiye.com\/en\/talent\/tuba-yaren-yildiz-2\/","title":{"rendered":"Tuba yaren Y\u0131ld\u0131z"},"content":{"rendered":"<p>Adana merkezli olarak modellik yap\u0131yorum. Fark\u0131 \u015fehirlere i\u015f oldu\u011fu zaman gidiyorum.Gelinlik, abiye, katalog ve konsept \u00e7ekimlerinde aktif olarak yer ald\u0131m. Kamera kar\u015f\u0131s\u0131nda rahat\u0131m.Ayr\u0131ca fashion week podyum deneyimine sahibim.Profesyonel \u00e7al\u0131\u015fmaya \u00f6nem veririm.178 boyunda 63 kiloyum 19 ya\u015f\u0131nday\u0131m<\/p>","protected":false},"excerpt":{"rendered":"<p>Adana merkezli olarak modellik yap\u0131yorum. Fark\u0131 \u015fehirlere i\u015f oldu\u011fu zaman gidiyorum.Gelinlik, abiye, katalog ve konsept \u00e7ekimlerinde aktif olarak yer ald\u0131m. Kamera kar\u015f\u0131s\u0131nda rahat\u0131m.Ayr\u0131ca fashion week podyum deneyimine sahibim.Profesyonel \u00e7al\u0131\u015fmaya \u00f6nem veririm.178 boyunda 63 kiloyum 19 ya\u015f\u0131nday\u0131m<\/p>","protected":false},"author":3005,"featured_media":0,"menu_order":0,"comment_status":"open","ping_status":"closed","template":"","freelancer_categories":[71],"freelancer_ages":[783],"freelancer_languages":[1502],"freelancer_qualification":[1679],"freelancer_yoe":[91],"freelancer_education_levels":[],"freelancer_skills":[1914,2063,1929,1944],"freelancer_gender":[113],"freelancer_locations":[1709],"class_list":["post-73216","freelancer","type-freelancer","status-publish","hentry","freelancer_categories-model","freelancer_ages-783","freelancer_languages-turkce","freelancer_qualification-turkiye","freelancer_yoe-0-1-yil","freelancer_skills-fashion-show-deneyimi","freelancer_skills-gelinlik-modelligi","freelancer_skills-makyaj-modelligi","freelancer_skills-poz-verme-becerileri","freelancer_gender-kadin","freelancer_locations-adana"],"_links":{"self":[{"href":"https:\/\/modelsturkiye.com\/en\/wp-json\/wp\/v2\/freelancer\/73216","targetHints":{"allow":["GET"]}}],"collection":[{"href":"https:\/\/modelsturkiye.com\/en\/wp-json\/wp\/v2\/freelancer"}],"about":[{"href":"https:\/\/modelsturkiye.com\/en\/wp-json\/wp\/v2\/types\/freelancer"}],"author":[{"embeddable":true,"href":"https:\/\/modelsturkiye.com\/en\/wp-json\/wp\/v2\/users\/3005"}],"replies":[{"embeddable":true,"href":"https:\/\/modelsturkiye.com\/en\/wp-json\/wp\/v2\/comments?post=73216"}],"wp:attachment":[{"href":"https:\/\/modelsturkiye.com\/en\/wp-json\/wp\/v2\/media?parent=73216"}],"wp:term":[{"taxonomy":"freelancer_categories","embeddable":true,"href":"https:\/\/modelsturkiye.com\/en\/wp-json\/wp\/v2\/freelancer_categories?post=73216"},{"taxonomy":"freelancer_ages","embeddable":true,"href":"https:\/\/modelsturkiye.com\/en\/wp-json\/wp\/v2\/freelancer_ages?post=73216"},{"taxonomy":"freelancer_languages","embeddable":true,"href":"https:\/\/modelsturkiye.com\/en\/wp-json\/wp\/v2\/freelancer_languages?post=73216"},{"taxonomy":"freelancer_qualification","embeddable":true,"href":"https:\/\/modelsturkiye.com\/en\/wp-json\/wp\/v2\/freelancer_qualification?post=73216"},{"taxonomy":"freelancer_yoe","embeddable":true,"href":"https:\/\/modelsturkiye.com\/en\/wp-json\/wp\/v2\/freelancer_yoe?post=73216"},{"taxonomy":"freelancer_education_levels","embeddable":true,"href":"https:\/\/modelsturkiye.com\/en\/wp-json\/wp\/v2\/freelancer_education_levels?post=73216"},{"taxonomy":"freelancer_skills","embeddable":true,"href":"https:\/\/modelsturkiye.com\/en\/wp-json\/wp\/v2\/freelancer_skills?post=73216"},{"taxonomy":"freelancer_gender","embeddable":true,"href":"https:\/\/modelsturkiye.com\/en\/wp-json\/wp\/v2\/freelancer_gender?post=73216"},{"taxonomy":"freelancer_locations","embeddable":true,"href":"https:\/\/modelsturkiye.com\/en\/wp-json\/wp\/v2\/freelancer_locations?post=73216"}],"curies":[{"name":"wp","href":"https:\/\/api.w.org\/{rel}","templated":true}]}}