{"id":225463,"date":"2026-09-05T15:20:42","date_gmt":"2026-09-05T12:20:42","guid":{"rendered":"https:\/\/modelsturkiye.com\/?post_type=project&#038;p=225463"},"modified":"2026-09-05T15:21:09","modified_gmt":"2026-09-05T12:21:09","slug":"tekstil-katalog-cekimi-icin-kadin-model-araniyor","status":"publish","type":"project","link":"https:\/\/modelsturkiye.com\/en\/projects\/tekstil-katalog-cekimi-icin-kadin-model-araniyor\/","title":{"rendered":"Tekstil Katalog \u00c7ekimi i\u00e7in Kad\u0131n Model Aran\u0131yor"},"content":{"rendered":"<p>Uluslararas\u0131 bir \u015firketin tekstil \u00fcr\u00fcnleri i\u00e7in ger\u00e7ekle\u015ftirilecek katalog \u00e7ekimlerinde yer almak \u00fczere kad\u0131n model ar\u0131yoruz.<\/p><p>\u00c7ekimlerde do\u011fal ve sade bir g\u00f6r\u00fcn\u00fcm tercih edilmektedir. Do\u011fal sa\u00e7 rengine sahip adaylar de\u011ferlendirme s\u00fcrecinde \u00f6ncelikli olacakt\u0131r.<\/p><p>Kamera kar\u015f\u0131s\u0131nda rahat, katalog ve \u00fcr\u00fcn \u00e7ekimlerine uyum sa\u011flayabilecek adaylar\u0131n ba\u015fvurular\u0131n\u0131 bekliyoruz.<\/p><p>Uygun bulunan adaylarla \u00e7ekim ve proje detaylar\u0131 ayr\u0131ca payla\u015f\u0131lacakt\u0131r.<\/p>","protected":false},"excerpt":{"rendered":"<p>Uluslararas\u0131 bir \u015firketin tekstil \u00fcr\u00fcnleri i\u00e7in ger\u00e7ekle\u015ftirilecek katalog \u00e7ekimlerinde yer almak \u00fczere kad\u0131n model ar\u0131yoruz. \u00c7ekimlerde do\u011fal ve sade bir g\u00f6r\u00fcn\u00fcm tercih edilmektedir. Do\u011fal sa\u00e7 rengine sahip adaylar de\u011ferlendirme s\u00fcrecinde \u00f6ncelikli olacakt\u0131r. Kamera kar\u015f\u0131s\u0131nda rahat, katalog ve \u00fcr\u00fcn \u00e7ekimlerine uyum sa\u011flayabilecek adaylar\u0131n ba\u015fvurular\u0131n\u0131 bekliyoruz. Uygun bulunan adaylarla \u00e7ekim ve proje detaylar\u0131 ayr\u0131ca payla\u015f\u0131lacakt\u0131r.<\/p>","protected":false},"author":312,"featured_media":0,"comment_status":"open","ping_status":"closed","template":"","project-categories":[1452],"project-skills":[1978,1979,1990,2013,3290],"project-language":[],"project-career":[],"project-location":[1898],"class_list":["post-225463","project","type-project","status-publish","hentry","project-categories-model","project-skills-e-ticaret-modelligi","project-skills-editoryal-modellik","project-skills-kamera-onunde-ozguven","project-skills-poz-verme-becerileri","project-skills-reklam-ticari-modellik","project-location-istanbul"],"_links":{"self":[{"href":"https:\/\/modelsturkiye.com\/en\/wp-json\/wp\/v2\/project\/225463","targetHints":{"allow":["GET"]}}],"collection":[{"href":"https:\/\/modelsturkiye.com\/en\/wp-json\/wp\/v2\/project"}],"about":[{"href":"https:\/\/modelsturkiye.com\/en\/wp-json\/wp\/v2\/types\/project"}],"author":[{"embeddable":true,"href":"https:\/\/modelsturkiye.com\/en\/wp-json\/wp\/v2\/users\/312"}],"replies":[{"embeddable":true,"href":"https:\/\/modelsturkiye.com\/en\/wp-json\/wp\/v2\/comments?post=225463"}],"wp:attachment":[{"href":"https:\/\/modelsturkiye.com\/en\/wp-json\/wp\/v2\/media?parent=225463"}],"wp:term":[{"taxonomy":"project-categories","embeddable":true,"href":"https:\/\/modelsturkiye.com\/en\/wp-json\/wp\/v2\/project-categories?post=225463"},{"taxonomy":"project-skills","embeddable":true,"href":"https:\/\/modelsturkiye.com\/en\/wp-json\/wp\/v2\/project-skills?post=225463"},{"taxonomy":"project-language","embeddable":true,"href":"https:\/\/modelsturkiye.com\/en\/wp-json\/wp\/v2\/project-language?post=225463"},{"taxonomy":"project-career","embeddable":true,"href":"https:\/\/modelsturkiye.com\/en\/wp-json\/wp\/v2\/project-career?post=225463"},{"taxonomy":"project-location","embeddable":true,"href":"https:\/\/modelsturkiye.com\/en\/wp-json\/wp\/v2\/project-location?post=225463"}],"curies":[{"name":"wp","href":"https:\/\/api.w.org\/{rel}","templated":true}]}}